{"id":726,"date":"2018-07-17T21:30:28","date_gmt":"2018-07-17T19:30:28","guid":{"rendered":"http:\/\/www.pzsolesnica.pl\/wp\/wordpress\/?page_id=726"},"modified":"2024-10-09T08:02:14","modified_gmt":"2024-10-09T06:02:14","slug":"zaklad-pielegnacyjno-opiekunczy","status":"publish","type":"page","link":"https:\/\/www.pzsolesnica.pl\/wp\/zaklad-pielegnacyjno-opiekunczy\/","title":{"rendered":"Zak\u0142ad Piel\u0119gnacyjno-Opieku\u0144czy"},"content":{"rendered":"<h3 style=\"text-align: right;\">Piel\u0119gniarka oddzia\u0142owa<br \/>\n<strong>mgr Ewelina Borys<\/strong><\/h3>\n<h3 style=\"text-align: right;\">Specjalista chor\u00f3b wewn\u0119trznych<strong><br \/>\nLek. Izabela Lis-Borowska<\/strong><\/h3>\n<p style=\"text-align: left;\"><strong>Kontakt:<\/strong><br \/>\nGabinet lekarski<strong> &#8211; 62 606 69 58<\/strong><br \/>\nPiel\u0119gniarka oddzia\u0142owa<strong> &#8211; 62 606 69 59<\/strong><br \/>\nDy\u017curka piel\u0119gniarska<strong> &#8211; 62 785 22 61<\/strong><\/p>\n<p style=\"text-align: center;\"><strong>Zasady przyj\u0119cia i pobytu pacjenta w Zak\u0142adzie Piel\u0119gnacyjno-Opieku\u0144czym<\/strong><\/p>\n<p>Zadaniem Zak\u0142adu Piel\u0119gnacyjno-Opieku\u0144czego jest obj\u0119cie ca\u0142odobow\u0105 piel\u0119gnacj\u0105 i kontynuacj\u0105 leczenia os\u00f3b przewlekle chorych oraz os\u00f3b, kt\u00f3re przeby\u0142y leczenie szpitalne i maj\u0105 uko\u0144czony proces diagnozowania, leczenia operacyjnego lub intensywnego leczenia zachowawczego, a nie wymagaj\u0105 ju\u017c dalszej hospitalizacji w oddziale szpitalnym. Jednak ze wzgl\u0119du na stan zdrowia i stopie\u0144 niepe\u0142nosprawno\u015bci, brak samodzielno\u015bci w samoopiece i samopiel\u0119gnacji, konieczno\u015b\u0107 sta\u0142ej kontroli lekarskiej, potrzeb\u0119 profesjonalnej piel\u0119gnacji i rehabilitacji wymagaj\u0105 \u015bwiadcze\u0144 piel\u0119gnacyjno-opieku\u0144czych w zakresie ca\u0142odobowym.<\/p>\n<p>Do zak\u0142adu piel\u0119gnacyjnego mo\u017ce zosta\u0107 przyj\u0119ty pacjent wymagaj\u0105cy ze wzgl\u0119du na stan zdrowia ca\u0142odobowych \u015bwiadcze\u0144 piel\u0119gnacyjnych i opieku\u0144czych, rehabilitacyjnych oraz kontynuacji leczenia, a nie wymagaj\u0105cy hospitalizacji w oddziale szpitalnym, kt\u00f3ry w ocenie skal\u0105 Barthel otrzyma\u0142 40 punkt\u00f3w lub mniej. Czas pobytu pacjenta jest uzale\u017cniony od jego stanu zdrowia, je\u015bli ocena stanu samodzielno\u015bci przekroczy 40 punkt\u00f3w Fundusz nie finansuje dalszego pobytu. Termin przyj\u0119cia wyznaczany jest w zale\u017cno\u015bci od liczby wolnych miejsc, zgodnie z kolejk\u0105 oczekuj\u0105cych prowadzon\u0105 zgodnie z wytycznymi Ministra Zdrowia.<\/p>\n<p>Odp\u0142atno\u015b\u0107 na pobyt w zak\u0142adzie ustalona jest zgodnie z art. 18 ust. z dnia 27 sierpnia 2004r. z p\u00f3\u017an. zm. o \u015bwiadczeniach opieki zdrowotnej finansowanych ze \u015brodk\u00f3w publicznych czyli miesi\u0119czn\u0105 op\u0142at\u0119 ustala si\u0119 co do zasady w wysoko\u015bci odpowiadaj\u0105cej 250% najni\u017cszej emerytury, jednak\u017ce tak ustalona kwota nie mo\u017ce by\u0107 wy\u017csza ni\u017c kwota odpowiadaj\u0105ca 70% miesi\u0119cznego dochodu, s\u0105 to koszty wy\u017cywienia i zakwaterowania. Koszty \u015bwiadcze\u0144 zdrowotnych pokrywa Narodowy Fundusz Zdrowia. Do zak\u0142adu nie mog\u0105 zosta\u0107 przyj\u0119te osoby, dla kt\u00f3rych wskazaniem do obj\u0119cia opiek\u0105 jest choroba psychiczna, zaawansowana choroba nowotworowa lub uzale\u017cnienie.<\/p>\n<p><strong>Zak\u0142ad Piel\u0119gnacyjno-Opieku\u0144czy zapewnia :<\/strong><\/p>\n<ul>\n<li>\u015bwiadczenia piel\u0119gniarskie<\/li>\n<li>\u015bwiadczenia lekarskie (nie mniej ni\u017c 2 razy w tygodniu, wizyta lekarza oraz na wezwanie w razie potrzeby)<\/li>\n<li>rehabilitacja og\u00f3lna w podstawowym zakresie prowadzona w celu zmniejszenia skutk\u00f3w upo\u015bledzenia ruchowego oraz usprawnienia ruchowego<\/li>\n<li>badania i terapia psychologiczna<\/li>\n<li>terapia zaj\u0119ciowa<\/li>\n<li>leczenie farmakologiczne<\/li>\n<li>leczenie dietetyczne<\/li>\n<li>zabezpieczenie w leki i wyroby medyczne zlecane przez lekarza oraz \u015brodki pomocnicze<\/li>\n<li>zapewnienie podstawowych bada\u0144 diagnostycznych<\/li>\n<li>edukacja i poradnictwo zdrowotne<\/li>\n<\/ul>\n<p><strong>Zak\u0142ad stosuje standardy dotycz\u0105ce g\u0142\u00f3wnie:<\/strong><\/p>\n<ul>\n<li>profilaktyki i leczenia odle\u017cyn<\/li>\n<li>podnoszenia i przemieszczania pacjent\u00f3w<\/li>\n<li>piel\u0119gnowania chorych z problemem nie trzymania moczu i stolca<\/li>\n<li>usprawnienia ruchowego pacjenta<\/li>\n<li>edukacji zdrowotnej<\/li>\n<\/ul>\n<p>Podczas pobytu w Zak\u0142adzie Piel\u0119gnacyjno-Opieku\u0144czym pacjenci wed\u0142ug swego wyboru u\u017cywaj\u0105 w\u0142asnej odzie\u017cy i obuwia lub u\u017cywaj\u0105 odzie\u017cy i obuwia posiadane przez tutejszy zak\u0142ad. Podczas pobytu w zak\u0142adzie pacjenci u\u017cywaj\u0105 w\u0142asnych \u015brodk\u00f3w higieny. Obowi\u0105zkiem pacjenta jest posiadanie do ci\u0105g\u0142ego u\u017cytku nast\u0119puj\u0105cych w\u0142asnych \u015brodk\u00f3w higieny: 2 r\u0119czniki, myd\u0142o w p\u0142ynie, szampon, myjki jednorazowe, balsam\/oliwka do piel\u0119gnacji cia\u0142a, papierowe r\u0119czniki, chusteczki nawil\u017cane, szczoteczka i pasta do z\u0119b\u00f3w, \u017cel\/p\u0142yn do k\u0105pieli. W przypadku potrzeby golenia r\u00f3wnie\u017c przybory do golenia (pianka, maszynki, balsam\/p\u0142yn po goleniu).<\/p>\n<h3 style=\"text-align: center;\"><\/h3>\n<p><strong>Dokumenty niezb\u0119dne do przyj\u0119cia (do pobrania):<\/strong><\/p>\n<ul>\n<li><a href=\"https:\/\/www.pzsolesnica.pl\/wp\/wp-content\/uploads\/2018\/08\/wniosek_o_skier.pdf\">Wniosek<\/a><\/li>\n<li><a href=\"https:\/\/www.pzsolesnica.pl\/wp\/wp-content\/uploads\/2018\/08\/wywiad_piel_zasw_lek.pdf\">Za\u015bwiadczenie lekarskie (wype\u0142nione przez lekarza rodzinnego lub lekarza z oddzia\u0142u szpitalnego) i wywiad piel\u0119gniarski (wype\u0142niony przez piel\u0119gniark\u0119 \u015brodowiskow\u0105)<\/a><\/li>\n<li><a href=\"https:\/\/www.pzsolesnica.pl\/wp\/wp-content\/uploads\/2018\/08\/karta_oceny.pdf\">Karta oceny wg skali Barthel (wype\u0142niona przez piel\u0119gniark\u0119 \u015brodowiskow\u0105 i lekarza)<\/a><\/li>\n<li><a href=\"https:\/\/www.pzsolesnica.pl\/wp\/wp-content\/uploads\/2018\/08\/ankieta.pdf\">Ankieta osobowa<\/a><\/li>\n<li><a href=\"http:\/\/www.pzsolesnica.pl\/wp\/wp-content\/uploads\/2018\/08\/skierowanie.pdf\">Skierowanie do Zak\u0142adu Piel\u0119gnacyjno-opieku\u0144czego<\/a><\/li>\n<\/ul>\n<p>Do\u015bwiadczony i wykwalifikowany personel Zak\u0142adu stwarza serdeczn\u0105 i ciep\u0142\u0105 atmosfer\u0119, w kt\u00f3rej problemy chorego s\u0105 absolutnym priorytetem.<\/p>\n","protected":false},"excerpt":{"rendered":"<p>Piel\u0119gniarka oddzia\u0142owa mgr Ewelina Borys Specjalista chor\u00f3b wewn\u0119trznych Lek. Izabela Lis-Borowska Kontakt: Gabinet lekarski &#8211; 62 606 69 58 Piel\u0119gniarka oddzia\u0142owa &#8211; 62 606 69 59 Dy\u017curka piel\u0119gniarska &#8211; 62 785 22 61 Zasady przyj\u0119cia i pobytu pacjenta w Zak\u0142adzie Piel\u0119gnacyjno-Opieku\u0144czym Zadaniem Zak\u0142adu Piel\u0119gnacyjno-Opieku\u0144czego jest obj\u0119cie ca\u0142odobow\u0105 piel\u0119gnacj\u0105 i kontynuacj\u0105 leczenia os\u00f3b przewlekle chorych oraz &hellip; <\/p>\n<p class=\"link-more\"><a href=\"https:\/\/www.pzsolesnica.pl\/wp\/zaklad-pielegnacyjno-opiekunczy\/\" class=\"more-link\">Czytaj dalej<span class=\"screen-reader-text\"> \u201eZak\u0142ad Piel\u0119gnacyjno-Opieku\u0144czy\u201d<\/span><\/a><\/p>\n","protected":false},"author":1,"featured_media":0,"parent":0,"menu_order":0,"comment_status":"closed","ping_status":"closed","template":"","meta":{"footnotes":""},"class_list":["post-726","page","type-page","status-publish","hentry"],"_links":{"self":[{"href":"https:\/\/www.pzsolesnica.pl\/wp\/wp-json\/wp\/v2\/pages\/726","targetHints":{"allow":["GET"]}}],"collection":[{"href":"https:\/\/www.pzsolesnica.pl\/wp\/wp-json\/wp\/v2\/pages"}],"about":[{"href":"https:\/\/www.pzsolesnica.pl\/wp\/wp-json\/wp\/v2\/types\/page"}],"author":[{"embeddable":true,"href":"https:\/\/www.pzsolesnica.pl\/wp\/wp-json\/wp\/v2\/users\/1"}],"replies":[{"embeddable":true,"href":"https:\/\/www.pzsolesnica.pl\/wp\/wp-json\/wp\/v2\/comments?post=726"}],"version-history":[{"count":24,"href":"https:\/\/www.pzsolesnica.pl\/wp\/wp-json\/wp\/v2\/pages\/726\/revisions"}],"predecessor-version":[{"id":6903,"href":"https:\/\/www.pzsolesnica.pl\/wp\/wp-json\/wp\/v2\/pages\/726\/revisions\/6903"}],"wp:attachment":[{"href":"https:\/\/www.pzsolesnica.pl\/wp\/wp-json\/wp\/v2\/media?parent=726"}],"curies":[{"name":"wp","href":"https:\/\/api.w.org\/{rel}","templated":true}]}}